{"id":1347,"date":"2025-11-18T14:23:37","date_gmt":"2025-11-18T13:23:37","guid":{"rendered":"https:\/\/eduparni.aspublicitari.com\/?page_id=1347"},"modified":"2026-02-02T13:38:06","modified_gmt":"2026-02-02T12:38:06","slug":"retiro-normas","status":"publish","type":"page","link":"https:\/\/eduparni.aspublicitari.com\/es\/retiro-normas\/","title":{"rendered":"Retiro Normas"},"content":{"rendered":"<p>[et_pb_section fb_built=&#8221;1&#8243; custom_padding_last_edited=&#8221;on|phone&#8221; admin_label=&#8221;Our Mission&#8221; module_id=&#8221;info&#8221; _builder_version=&#8221;4.27.0&#8243; _module_preset=&#8221;92d42006-6303-46ca-9c83-c0f8c267288f&#8221; custom_margin=&#8221;||||false&#8221; custom_padding=&#8221;1vw||1vw||true|false&#8221; custom_padding_tablet=&#8221;3vw||3vw||true|false&#8221; custom_padding_phone=&#8221;5vw||5vw||true|false&#8221; collapsed=&#8221;on&#8221; global_colors_info=&#8221;{}&#8221;][et_pb_row _builder_version=&#8221;4.25.1&#8243; _module_preset=&#8221;default&#8221; max_width=&#8221;900px&#8221; custom_padding=&#8221;||0px|||&#8221; global_colors_info=&#8221;{}&#8221;][et_pb_column type=&#8221;4_4&#8243; _builder_version=&#8221;4.25.1&#8243; _module_preset=&#8221;default&#8221; global_colors_info=&#8221;{}&#8221;][et_pb_heading title=&#8221;POL\u00cdTICA DE CANCELACI\u00d3N &#8211; RETIRO NPLAN B&#8221; _builder_version=&#8221;4.27.0&#8243; _module_preset=&#8221;4903b2a5-81e8-4ece-91c5-a7982cd32e22&#8243; title_text_align=&#8221;center&#8221; title_text_color=&#8221;gcid-4c79ba3d-a281-4fb6-9b14-02f9a4c793f2&#8243; title_font_size=&#8221;26px&#8221; title_font_size_phone=&#8221;20px&#8221; global_colors_info=&#8221;{%22gcid-4c79ba3d-a281-4fb6-9b14-02f9a4c793f2%22:%91%22title_text_color%22%93}&#8221;][\/et_pb_heading][\/et_pb_column][\/et_pb_row][\/et_pb_section][et_pb_section fb_built=&#8221;1&#8243; admin_label=&#8221;Programs&#8221; module_id=&#8221;mas&#8221; _builder_version=&#8221;4.27.0&#8243; _module_preset=&#8221;9b3c2601-9db2-4c84-8a3a-fecc9a26bf1f&#8221; collapsed=&#8221;on&#8221; global_colors_info=&#8221;{}&#8221;][et_pb_row use_custom_gutter=&#8221;on&#8221; gutter_width=&#8221;2&#8243; _builder_version=&#8221;4.27.0&#8243; _module_preset=&#8221;default&#8221; custom_padding=&#8221;3px|||||&#8221; global_colors_info=&#8221;{}&#8221;][et_pb_column type=&#8221;4_4&#8243; _builder_version=&#8221;4.25.1&#8243; _module_preset=&#8221;default&#8221; global_colors_info=&#8221;{}&#8221;][et_pb_text _builder_version=&#8221;4.27.0&#8243; _module_preset=&#8221;c783fab3-5064-4579-a7e9-227fb3a57123&#8243; text_line_height=&#8221;1.4em&#8221; text_font_size_phone=&#8221;18px&#8221; global_colors_info=&#8221;{%22gcid-1f1b4e15-7cc6-4e13-8154-74d77a956460%22:%91%22link_text_color%22,%22quote_text_color%22,%22quote_border_color%22%93}&#8221;]<\/p>\n<p>Al confirmar tu plaza, aceptas los siguientes t\u00e9rminos:<\/p>\n<p>\u2022 Cancelaci\u00f3n con m\u00e1s de 20 d\u00edas antes del retiro: Reembolso del 100%.<\/p>\n<p>\u2022 Cancelaci\u00f3n entre 20 y 10 d\u00edas antes: Reembolso del 50%.<\/p>\n<p>\u2022 Cancelaci\u00f3n con menos de 10 d\u00edas: No se realizan reembolsos.<\/p>\n<p>\u2022 Si no te presentas el d\u00eda del retiro: No hay devoluci\u00f3n.<\/p>\n<p>\u2022 Si el retiro debe cancelarse por motivos organizativos o de fuerza mayor: Se propondr\u00e1 una nueva fecha para la actividad. En caso de no poder acudir a esta nueva fecha se reembolsar\u00e1 el 100% importe.<\/p>\n<p>\u2022 Al hacer el pago, confirmas que est\u00e1s en condiciones de salud adecuadas para participar en las actividades f\u00edsicas del retiro.<\/p>\n<p>[\/et_pb_text][\/et_pb_column][\/et_pb_row][\/et_pb_section][et_pb_section fb_built=&#8221;1&#8243; custom_padding_last_edited=&#8221;on|phone&#8221; admin_label=&#8221;Our Mission&#8221; module_id=&#8221;info&#8221; _builder_version=&#8221;4.27.0&#8243; _module_preset=&#8221;92d42006-6303-46ca-9c83-c0f8c267288f&#8221; custom_margin=&#8221;||||false&#8221; custom_padding=&#8221;1vw||1vw||true|false&#8221; custom_padding_tablet=&#8221;3vw||3vw||true|false&#8221; custom_padding_phone=&#8221;5vw||5vw||true|false&#8221; collapsed=&#8221;on&#8221; global_colors_info=&#8221;{}&#8221;][et_pb_row _builder_version=&#8221;4.25.1&#8243; _module_preset=&#8221;default&#8221; max_width=&#8221;900px&#8221; custom_padding=&#8221;||0px|||&#8221; global_colors_info=&#8221;{}&#8221;][et_pb_column type=&#8221;4_4&#8243; _builder_version=&#8221;4.25.1&#8243; _module_preset=&#8221;default&#8221; global_colors_info=&#8221;{}&#8221;][et_pb_heading title=&#8221;NORMAS DEL RETIRO&#8221; _builder_version=&#8221;4.27.0&#8243; _module_preset=&#8221;4903b2a5-81e8-4ece-91c5-a7982cd32e22&#8243; title_text_align=&#8221;center&#8221; title_text_color=&#8221;gcid-4c79ba3d-a281-4fb6-9b14-02f9a4c793f2&#8243; title_font_size=&#8221;26px&#8221; title_font_size_phone=&#8221;20px&#8221; global_colors_info=&#8221;{%22gcid-4c79ba3d-a281-4fb6-9b14-02f9a4c793f2%22:%91%22title_text_color%22%93}&#8221;][\/et_pb_heading][\/et_pb_column][\/et_pb_row][\/et_pb_section][et_pb_section fb_built=&#8221;1&#8243; admin_label=&#8221;Programs&#8221; module_id=&#8221;mas&#8221; _builder_version=&#8221;4.27.0&#8243; _module_preset=&#8221;9b3c2601-9db2-4c84-8a3a-fecc9a26bf1f&#8221; collapsed=&#8221;on&#8221; global_colors_info=&#8221;{}&#8221;][et_pb_row use_custom_gutter=&#8221;on&#8221; gutter_width=&#8221;2&#8243; _builder_version=&#8221;4.27.0&#8243; _module_preset=&#8221;default&#8221; custom_padding=&#8221;3px|||||&#8221; global_colors_info=&#8221;{}&#8221;][et_pb_column type=&#8221;4_4&#8243; _builder_version=&#8221;4.25.1&#8243; _module_preset=&#8221;default&#8221; global_colors_info=&#8221;{}&#8221;][et_pb_text _builder_version=&#8221;4.27.0&#8243; _module_preset=&#8221;c783fab3-5064-4579-a7e9-227fb3a57123&#8243; text_line_height=&#8221;1.4em&#8221; text_font_size_phone=&#8221;18px&#8221; global_colors_info=&#8221;{%22gcid-1f1b4e15-7cc6-4e13-8154-74d77a956460%22:%91%22link_text_color%22,%22quote_text_color%22,%22quote_border_color%22%93}&#8221;]<\/p>\n<div>Para que la experiencia sea especial para todos:<\/div>\n<div>\u00a0<\/div>\n<ol>\n<li>Respeto absoluto entre participantes.<\/li>\n<li><span>Mantener un ambiente seguro, sin conflictos ni comportamientos agresivos.<\/span><\/li>\n<li><span>Participar en las actividades propuestas con predisposici\u00f3n y buena energ\u00eda.<\/span><\/li>\n<li><span>No es un retiro militar \u2192 si alguien necesita parar, puede hacerlo.<\/span><\/li>\n<li><span>Puntualidad en las actividades para no retrasar al grupo.<\/span><\/li>\n<li><span>Cuidar el entorno: naturaleza, instalaciones, habitaciones.<\/span><\/li>\n<li><span>No est\u00e1 permitido consumir sustancias que puedan alterar la convivencia.<\/span><\/li>\n<li><span>Cualquier comportamiento que rompa el bienestar del grupo puede implicar expulsi\u00f3n sin reembolso.<\/span><\/li>\n<\/ol>\n<div><\/div>\n<p>[\/et_pb_text][\/et_pb_column][\/et_pb_row][\/et_pb_section][et_pb_section fb_built=&#8221;1&#8243; custom_padding_last_edited=&#8221;on|phone&#8221; admin_label=&#8221;Our Mission&#8221; module_id=&#8221;info&#8221; _builder_version=&#8221;4.27.0&#8243; _module_preset=&#8221;92d42006-6303-46ca-9c83-c0f8c267288f&#8221; custom_margin=&#8221;||||false&#8221; custom_padding=&#8221;1vw||1vw||true|false&#8221; custom_padding_tablet=&#8221;3vw||3vw||true|false&#8221; custom_padding_phone=&#8221;5vw||5vw||true|false&#8221; collapsed=&#8221;on&#8221; global_colors_info=&#8221;{}&#8221;][et_pb_row _builder_version=&#8221;4.25.1&#8243; _module_preset=&#8221;default&#8221; max_width=&#8221;900px&#8221; custom_padding=&#8221;||0px|||&#8221; global_colors_info=&#8221;{}&#8221;][et_pb_column type=&#8221;4_4&#8243; _builder_version=&#8221;4.25.1&#8243; _module_preset=&#8221;default&#8221; global_colors_info=&#8221;{}&#8221;][et_pb_heading title=&#8221;CONSENTIMIENTO LEGAL&#8221; _builder_version=&#8221;4.27.0&#8243; _module_preset=&#8221;4903b2a5-81e8-4ece-91c5-a7982cd32e22&#8243; title_text_align=&#8221;center&#8221; title_text_color=&#8221;gcid-4c79ba3d-a281-4fb6-9b14-02f9a4c793f2&#8243; title_font_size=&#8221;26px&#8221; hover_enabled=&#8221;0&#8243; title_font_size_phone=&#8221;20px&#8221; global_colors_info=&#8221;{%22gcid-4c79ba3d-a281-4fb6-9b14-02f9a4c793f2%22:%91%22title_text_color%22%93}&#8221; sticky_enabled=&#8221;0&#8243;][\/et_pb_heading][\/et_pb_column][\/et_pb_row][\/et_pb_section][et_pb_section fb_built=&#8221;1&#8243; admin_label=&#8221;Programs&#8221; module_id=&#8221;mas&#8221; _builder_version=&#8221;4.27.0&#8243; _module_preset=&#8221;9b3c2601-9db2-4c84-8a3a-fecc9a26bf1f&#8221; collapsed=&#8221;on&#8221; global_colors_info=&#8221;{}&#8221;][et_pb_row use_custom_gutter=&#8221;on&#8221; gutter_width=&#8221;2&#8243; _builder_version=&#8221;4.27.0&#8243; _module_preset=&#8221;default&#8221; custom_padding=&#8221;3px|||||&#8221; global_colors_info=&#8221;{}&#8221;][et_pb_column type=&#8221;4_4&#8243; _builder_version=&#8221;4.25.1&#8243; _module_preset=&#8221;default&#8221; global_colors_info=&#8221;{}&#8221;][et_pb_text _builder_version=&#8221;4.27.0&#8243; _module_preset=&#8221;c783fab3-5064-4579-a7e9-227fb3a57123&#8243; text_line_height=&#8221;1.4em&#8221; hover_enabled=&#8221;0&#8243; text_font_size_phone=&#8221;18px&#8221; global_colors_info=&#8221;{%22gcid-1f1b4e15-7cc6-4e13-8154-74d77a956460%22:%91%22link_text_color%22,%22quote_text_color%22,%22quote_border_color%22%93}&#8221; sticky_enabled=&#8221;0&#8243;]<\/p>\n<p>\u2b1c Declaro que participo de forma voluntaria en el Retiro EduParni.<\/p>\n<p>\u2b1c Confirmo que mi estado de salud es compatible con actividades f\u00edsicas moderadas en entorno de monta\u00f1a, y que he informado de cualquier condici\u00f3n relevante.<\/p>\n<p>\u2b1c Entiendo que las actividades incluyen ejercicio f\u00edsico, rutas y entrenamientos, y asumo los riesgos normales asociados a este tipo de actividades.<\/p>\n<p>\u2b1c Eximo de responsabilidad a EduParni y a la organizaci\u00f3n por lesiones o incidentes derivados de informaci\u00f3n m\u00e9dica no declarada o de un uso irresponsable durante las actividades.<\/p>\n<p>Entiendo que el retiro no incluye el material y equipamiento personal necesario para las actividades a realizar.<br \/>\u2e3b<br \/>Autorizo a que se utilicen im\u00e1genes o videos donde aparezca durante el retiro, \u00fanicamente con fines profesionales y de comunicaci\u00f3n del proyecto Eduparni<\/p>\n<p>[\/et_pb_text][\/et_pb_column][\/et_pb_row][\/et_pb_section][et_pb_section fb_built=&#8221;1&#8243; admin_label=&#8221;Call to Action&#8221; _builder_version=&#8221;4.27.0&#8243; _module_preset=&#8221;83f1a07c-5e03-472e-85ec-9107114896c5&#8243; custom_margin=&#8221;||||false&#8221; custom_padding=&#8221;5vw||5vw||true|false&#8221; locked=&#8221;off&#8221; collapsed=&#8221;on&#8221; global_colors_info=&#8221;{}&#8221;][et_pb_row _builder_version=&#8221;4.25.2&#8243; _module_preset=&#8221;default&#8221; global_colors_info=&#8221;{}&#8221;][et_pb_column type=&#8221;4_4&#8243; _builder_version=&#8221;4.25.1&#8243; _module_preset=&#8221;default&#8221; global_colors_info=&#8221;{}&#8221;][et_pb_heading title=&#8221;\u00bfListo para tu retiro?&#8221; _builder_version=&#8221;4.27.0&#8243; _module_preset=&#8221;45b5a49b-2fff-4f35-bacb-7495451b1c4d&#8221; title_text_align=&#8221;center&#8221; title_font_size_phone=&#8221;26px&#8221; global_colors_info=&#8221;{}&#8221;][\/et_pb_heading][et_pb_text _builder_version=&#8221;4.27.0&#8243; _module_preset=&#8221;default&#8221; text_font=&#8221;|300|||||||&#8221; text_font_size=&#8221;24px&#8221; text_line_height=&#8221;1.2em&#8221; text_line_height_tablet=&#8221;1.2em&#8221; text_line_height_phone=&#8221;1.2em&#8221; text_line_height_last_edited=&#8221;on|tablet&#8221; global_colors_info=&#8221;{}&#8221;]<\/p>\n<p>Porque ya est\u00e1s en el plan correcto, el tuyo. Solo necesitas reconectar con \u00e9l.<\/p>\n<p>Plazas limitadas: M\u00e1ximo 12 personas para garantizar una experiencia \u00edntima y transformadora.<\/p>\n<p>Te esperamos en la monta\u00f1a para compartir este viaje de vuelta a ti mismo<\/p>\n<p>[\/et_pb_text][et_pb_button button_url=&#8221;https:\/\/eduparni.aspublicitari.com\/retiro#formulario&#8221; button_text=&#8221;\u00a1Quiero participar!&#8221; button_alignment=&#8221;center&#8221; _builder_version=&#8221;4.27.0&#8243; _module_preset=&#8221;092085f5-9c19-4740-9544-26a6272a2eba&#8221; global_colors_info=&#8221;{}&#8221;][\/et_pb_button][\/et_pb_column][\/et_pb_row][\/et_pb_section]<\/p>","protected":false},"excerpt":{"rendered":"<p>Al confirmar tu plaza, aceptas los siguientes t\u00e9rminos: \u2022 Cancelaci\u00f3n con m\u00e1s de 20 d\u00edas antes del retiro: Reembolso del 100%. \u2022 Cancelaci\u00f3n entre 20 y 10 d\u00edas antes: Reembolso del 50%. \u2022 Cancelaci\u00f3n con menos de 10 d\u00edas: No se realizan reembolsos. \u2022 Si no te presentas el d\u00eda del retiro: No hay devoluci\u00f3n. [&hellip;]<\/p>","protected":false},"author":1,"featured_media":0,"parent":0,"menu_order":0,"comment_status":"closed","ping_status":"closed","template":"","meta":{"_et_pb_use_builder":"on","_et_pb_old_content":"","_et_gb_content_width":"","footnotes":""},"class_list":["post-1347","page","type-page","status-publish","hentry"],"_links":{"self":[{"href":"https:\/\/eduparni.aspublicitari.com\/es\/wp-json\/wp\/v2\/pages\/1347","targetHints":{"allow":["GET"]}}],"collection":[{"href":"https:\/\/eduparni.aspublicitari.com\/es\/wp-json\/wp\/v2\/pages"}],"about":[{"href":"https:\/\/eduparni.aspublicitari.com\/es\/wp-json\/wp\/v2\/types\/page"}],"author":[{"embeddable":true,"href":"https:\/\/eduparni.aspublicitari.com\/es\/wp-json\/wp\/v2\/users\/1"}],"replies":[{"embeddable":true,"href":"https:\/\/eduparni.aspublicitari.com\/es\/wp-json\/wp\/v2\/comments?post=1347"}],"version-history":[{"count":7,"href":"https:\/\/eduparni.aspublicitari.com\/es\/wp-json\/wp\/v2\/pages\/1347\/revisions"}],"predecessor-version":[{"id":1434,"href":"https:\/\/eduparni.aspublicitari.com\/es\/wp-json\/wp\/v2\/pages\/1347\/revisions\/1434"}],"wp:attachment":[{"href":"https:\/\/eduparni.aspublicitari.com\/es\/wp-json\/wp\/v2\/media?parent=1347"}],"curies":[{"name":"wp","href":"https:\/\/api.w.org\/{rel}","templated":true}]}}