{"id":511,"date":"2024-07-01T10:12:10","date_gmt":"2024-07-01T08:12:10","guid":{"rendered":"https:\/\/eduparni.aspublicitari.com\/?page_id=511"},"modified":"2024-07-26T12:20:53","modified_gmt":"2024-07-26T10:20:53","slug":"avis-legal","status":"publish","type":"page","link":"https:\/\/eduparni.aspublicitari.com\/es\/avis-legal\/","title":{"rendered":"Avis Legal"},"content":{"rendered":"[et_pb_section fb_built=&#8221;1&#8243; admin_label=&#8221;section&#8221; _builder_version=&#8221;4.16&#8243; global_colors_info=&#8221;{}&#8221;][et_pb_row admin_label=&#8221;row&#8221; _builder_version=&#8221;4.25.2&#8243; background_size=&#8221;initial&#8221; background_position=&#8221;top_left&#8221; background_repeat=&#8221;repeat&#8221; custom_padding=&#8221;|||4px||&#8221; global_colors_info=&#8221;{}&#8221;][et_pb_column type=&#8221;4_4&#8243; _builder_version=&#8221;4.16&#8243; custom_padding=&#8221;|||&#8221; global_colors_info=&#8221;{}&#8221; custom_padding__hover=&#8221;|||&#8221;][et_pb_text admin_label=&#8221;Text&#8221; _builder_version=&#8221;4.16&#8243; background_size=&#8221;initial&#8221; background_position=&#8221;top_left&#8221; background_repeat=&#8221;repeat&#8221; custom_padding=&#8221;||12px|||&#8221; global_colors_info=&#8221;{}&#8221;]<p><span style=\"font-size: xx-large;\"><strong><span style=\"color: #333333; font-family: 'High Speed Eduparni', Helvetica, Arial, Lucida, sans-serif;\">Aviso Legal<\/span><\/strong><\/span><\/p>\n<p><span style=\"color: #333333; font-family: 'High Speed Eduparni', Helvetica, Arial, Lucida, sans-serif; font-size: 26px;\"><\/span><\/p>\n<p><span style=\"color: #333333; font-family: 'High Speed Eduparni', Helvetica, Arial, Lucida, sans-serif; font-size: 26px;\"><\/span><\/p>\n<p><span style=\"color: #333333; font-family: 'High Speed Eduparni', Helvetica, Arial, Lucida, sans-serif; font-size: 26px;\">1. Informaci\u00f3n General<\/span><!-- \/wp:post-content --><!-- wp:paragraph --><\/p>\n<p><span style=\"color: #333333; font-family: 'High Speed Eduparni', Helvetica, Arial, Lucida, sans-serif; font-size: 26px;\"><\/span><\/p>\n<p>En cumplimiento del que dispone el Art\u00edculo 10 de la Ley 34\/2002, del 11 de julio, de servicios de la sociedad de la informaci\u00f3n y de e-commerce (LSSI-CE), se informa a los usuarios que el titular de esta p\u00e1gina web es:<\/p>\n<ul>\n<li><strong>Nombre de la tienda<\/strong>: L&#8217;As Publicitari, S.L<\/li>\n<li><strong>NIF\/CIF<\/strong>: B\u00b755680037<\/li>\n<li><strong>Direcci\u00f3n<\/strong>: C\/ Ignasi Iglesias n 37 Nau 10, 43206 Reus (Tarragona)<\/li>\n<li><strong>Correo electr\u00f3nico<\/strong>: info@aspublicitari.com<\/li>\n<li><strong>Telefono<\/strong>: 55680037<\/li>\n<\/ul>\n<p><!-- \/wp:paragraph --><br \/><!-- wp:heading --><\/p>\n<h2 class=\"wp-block-heading\">Condiciones de uso<\/h2>\n<p>&nbsp;<\/p>\n<p>El acceso y el uso de nuestra p\u00e1gina web est\u00e1 sujeto a las siguientes condiciones de uso, as\u00ed como a la legislaci\u00f3n vigente en materia de servicios de la sociedad de la informaci\u00f3n y de e-commerce:<\/p>\n<ul>\n<li><strong>Aceptaci\u00f3n de las Condiciones<\/strong>: Mediante el acceso y uso de nuestra p\u00e1gina web, el usuario acepta estas condiciones de uso en su totalidad. Si no est\u00e1 de acuerdo con alguna de las condiciones, tiene que cesar el uso de nuestra p\u00e1gina web.<\/li>\n<li><strong>Uso de la P\u00e1gina Web<\/strong>: El usuario se compromete a utilizar nuestra p\u00e1gina web en conformidad con la ley, la moral, el orden p\u00fablico y estas condiciones de uso. El usuario se abstendr\u00e1 de utilizar la p\u00e1gina web con fines il\u00edcitas, prohibidas o lesivas para los derechos e intereses de terceros.<\/li>\n<li><strong>Responsabilidad<\/strong>: L'As Publicitari no se hace responsable de los errores u omisiones de los contenidos de la p\u00e1gina web, ni de los da\u00f1os derivados de su utilizaci\u00f3n.<\/li>\n<\/ul>\n<ul><\/ul>\n<p><!-- \/wp:heading --><br \/><!-- wp:heading --><\/p>\n<h2 class=\"wp-block-heading\">3. Propiedad Intelectual e industrial<\/h2>\n<p>&nbsp;<\/p>\n<ul>\n<li><strong>Contenidos<\/strong>: Todos los contenidos de la p\u00e1gina web (textos, im\u00e1genes, videos, dise\u00f1os, logotipos, etc.) est\u00e1n protegidos por derechos de propiedad intelectual e industrial. El usuario no podr\u00e1 reproducir, distribuir, transformar o comunicar p\u00fablicamente los contenidos de la p\u00e1gina web sin el consentimiento previo y expr\u00e9s de l'As Publicitari.<\/li>\n<li><strong>Marcas<\/strong>: Las marcas, nombres comerciales o signos distintivos son propiedad de l'As Publicitari o de terceros, sin que se pueda entender que el acceso a la p\u00e1gina web otorgue ning\u00fan derecho sobre las mencionadas marcas, nombres comerciales y\/o signos distintivos.<\/li>\n<\/ul>\n<p><!-- \/wp:heading --><br \/><!-- wp:heading --><\/p>\n<h2 class=\"wp-block-heading\">4. Enlla\u00e7os Externs<\/h2>\n<p>&nbsp;<\/p>\n<p><span style=\"font-size: 14px;\">La nostra p\u00e0gina web pot contenir enlla\u00e7os a altres llocs web gestionats per tercers. A Fondo no exerceix cap control sobre els esmentats llocs ni es responsabilitza del seu contingut o disponibilitat. La inclusi\u00f3 d&#8217;aquests enlla\u00e7os no implica cap tipus d&#8217;associaci\u00f3, fusi\u00f3 o participaci\u00f3 amb les entitats connectades.<\/span><\/p>\n<p><!-- \/wp:heading --><br \/><!-- wp:heading --><\/p>\n<h2 class=\"wp-block-heading\">5. Protecci\u00f3n de Datos Personales<\/h2>\n<p><!-- \/wp:heading --><br \/><!-- wp:paragraph --><\/p>\n<p>El tratamiento de los datos personales de los usuarios se rige por nuestra pol\u00edtica de privacidad, accesible a trav\u00e9s de nuestra p\u00e1gina web.<\/p>\n<p><!-- \/wp:paragraph --><br \/><!-- wp:heading --><\/p>\n<h2 class=\"wp-block-heading\">6. Modificaciones del Aviso Legal<\/h2>\n<p><!-- \/wp:heading --><br \/><!-- wp:paragraph --><\/p>\n<p>EL'As Publicitari se reserva el derecho de modificar este aviso legal en cualquier momento y sin previo aviso. Las modificaciones entrar\u00e1n en vigor desde el momento de su publicaci\u00f3n a la p\u00e1gina web.<\/p>\n<p><!-- \/wp:paragraph --><br \/><!-- wp:heading --><\/p>\n<h2 class=\"wp-block-heading\">7. Legislaci\u00f3n y Jurisdicci\u00f3n Aplicable<\/h2>\n<p><!-- \/wp:heading --><br \/><!-- wp:paragraph --><\/p>\n<p>Estas condiciones de uso se rigen por la legislaci\u00f3n espa\u00f1ola. Para la resoluci\u00f3n de cualquier conflicto que pueda derivarse del acceso o uso de la p\u00e1gina web, el usuario y As Publicitario se someten expresamente a los juzgados y tribunales de Tarragona, con renuncia a cualquier otro fuero general o especial que los pueda corresponder.<\/p>\n<p><!-- \/wp:paragraph --><\/p>[\/et_pb_text][\/et_pb_column][\/et_pb_row][\/et_pb_section]","protected":false},"excerpt":{"rendered":"<p>Av\u00eds Legal 1. Informaci\u00f3 General En compliment del que disposa l&#8217;Article 10 de la Llei 34\/2002, de l&#8217;11 de juliol, de serveis de la societat de la informaci\u00f3 i de comer\u00e7 electr\u00f2nic (LSSI-CE), s&#8217;informa als usuaris que el titular d&#8217;aquesta p\u00e0gina web \u00e9s: Nom de la Botiga: L&#8217;As Publicitari, S.L NIF\/CIF: B\u00b755680037 Adre\u00e7a: C\/ Ignasi [&hellip;]<\/p>","protected":false},"author":1,"featured_media":0,"parent":0,"menu_order":0,"comment_status":"closed","ping_status":"closed","template":"","meta":{"_et_pb_use_builder":"on","_et_pb_old_content":"<!-- wp:heading -->\n<h2 class=\"wp-block-heading\">Qui\u00e9nes somos<\/h2>\n<!-- \/wp:heading -->\n<!-- wp:paragraph -->\n<p><strong class=\"privacy-policy-tutorial\">Texto sugerido: <\/strong>La direcci\u00f3n de nuestra web es: https:\/\/sanchoalag.com\/eduparni.<\/p>\n<!-- \/wp:paragraph -->\n<!-- wp:heading -->\n<h2 class=\"wp-block-heading\">Comentarios<\/h2>\n<!-- \/wp:heading -->\n<!-- wp:paragraph -->\n<p><strong class=\"privacy-policy-tutorial\">Texto sugerido: <\/strong>Cuando los visitantes dejan comentarios en la web, recopilamos los datos que se muestran en el formulario de comentarios, as\u00ed como la direcci\u00f3n IP del visitante y la cadena de agentes de usuario del navegador para ayudar a la detecci\u00f3n de spam.<\/p>\n<!-- \/wp:paragraph -->\n<!-- wp:paragraph -->\n<p>Una cadena an\u00f3nima creada a partir de tu direcci\u00f3n de correo electr\u00f3nico (tambi\u00e9n llamada hash) puede ser proporcionada al servicio de Gravatar para ver si la est\u00e1s usando. La pol\u00edtica de privacidad del servicio Gravatar est\u00e1 disponible aqu\u00ed: https:\/\/automattic.com\/privacy\/. Despu\u00e9s de la aprobaci\u00f3n de tu comentario, la imagen de tu perfil es visible para el p\u00fablico en el contexto de tu comentario.<\/p>\n<!-- \/wp:paragraph -->\n<!-- wp:heading -->\n<h2 class=\"wp-block-heading\">Medios<\/h2>\n<!-- \/wp:heading -->\n<!-- wp:paragraph -->\n<p><strong class=\"privacy-policy-tutorial\">Texto sugerido: <\/strong>Si subes im\u00e1genes a la web, deber\u00edas evitar subir im\u00e1genes con datos de ubicaci\u00f3n (GPS EXIF) incluidos. Los visitantes de la web pueden descargar y extraer cualquier dato de ubicaci\u00f3n de las im\u00e1genes de la web.<\/p>\n<!-- \/wp:paragraph -->\n<!-- wp:heading -->\n<h2 class=\"wp-block-heading\">Cookies<\/h2>\n<!-- \/wp:heading -->\n<!-- wp:paragraph -->\n<p><strong class=\"privacy-policy-tutorial\">Texto sugerido: <\/strong>Si dejas un comentario en nuestro sitio puedes elegir guardar tu nombre, direcci\u00f3n de correo electr\u00f3nico y web en cookies. Esto es para tu comodidad, para que no tengas que volver a rellenar tus datos cuando dejes otro comentario. Estas cookies tendr\u00e1n una duraci\u00f3n de un a\u00f1o.<\/p>\n<!-- \/wp:paragraph -->\n<!-- wp:paragraph -->\n<p>Si tienes una cuenta y te conectas a este sitio, instalaremos una cookie temporal para determinar si tu navegador acepta cookies. Esta cookie no contiene datos personales y se elimina al cerrar el navegador.<\/p>\n<!-- \/wp:paragraph -->\n<!-- wp:paragraph -->\n<p>Cuando accedas, tambi\u00e9n instalaremos varias cookies para guardar tu informaci\u00f3n de acceso y tus opciones de visualizaci\u00f3n de pantalla. Las cookies de acceso duran dos d\u00edas, y las cookies de opciones de pantalla duran un a\u00f1o. Si seleccionas \u00abRecu\u00e9rdarme\u00bb, tu acceso perdurar\u00e1 durante dos semanas. Si sales de tu cuenta, las cookies de acceso se eliminar\u00e1n.<\/p>\n<!-- \/wp:paragraph -->\n<!-- wp:paragraph -->\n<p>Si editas o publicas un art\u00edculo se guardar\u00e1 una cookie adicional en tu navegador. Esta cookie no incluye datos personales y simplemente indica el ID del art\u00edculo que acabas de editar. Caduca despu\u00e9s de 1 d\u00eda.<\/p>\n<!-- \/wp:paragraph -->\n<!-- wp:heading -->\n<h2 class=\"wp-block-heading\">Contenido incrustado de otros sitios web<\/h2>\n<!-- \/wp:heading -->\n<!-- wp:paragraph -->\n<p><strong class=\"privacy-policy-tutorial\">Texto sugerido: <\/strong>Los art\u00edculos de este sitio pueden incluir contenido incrustado (por ejemplo, v\u00eddeos, im\u00e1genes, art\u00edculos, etc.). El contenido incrustado de otras webs se comporta exactamente de la misma manera que si el visitante hubiera visitado la otra web.<\/p>\n<!-- \/wp:paragraph -->\n<!-- wp:paragraph -->\n<p>Estas web pueden recopilar datos sobre ti, utilizar cookies, incrustar un seguimiento adicional de terceros, y supervisar tu interacci\u00f3n con ese contenido incrustado, incluido el seguimiento de tu interacci\u00f3n con el contenido incrustado si tienes una cuenta y est\u00e1s conectado a esa web.<\/p>\n<!-- \/wp:paragraph -->\n<!-- wp:heading -->\n<h2 class=\"wp-block-heading\">Con qui\u00e9n compartimos tus datos<\/h2>\n<!-- \/wp:heading -->\n<!-- wp:paragraph -->\n<p><strong class=\"privacy-policy-tutorial\">Texto sugerido: <\/strong>Si solicitas un restablecimiento de contrase\u00f1a, tu direcci\u00f3n IP ser\u00e1 incluida en el correo electr\u00f3nico de restablecimiento.<\/p>\n<!-- \/wp:paragraph -->\n<!-- wp:heading -->\n<h2 class=\"wp-block-heading\">Cu\u00e1nto tiempo conservamos tus datos<\/h2>\n<!-- \/wp:heading -->\n<!-- wp:paragraph -->\n<p><strong class=\"privacy-policy-tutorial\">Texto sugerido: <\/strong>Si dejas un comentario, el comentario y sus metadatos se conservan indefinidamente. Esto es para que podamos reconocer y aprobar comentarios sucesivos autom\u00e1ticamente, en lugar de mantenerlos en una cola de moderaci\u00f3n.<\/p>\n<!-- \/wp:paragraph -->\n<!-- wp:paragraph -->\n<p>De los usuarios que se registran en nuestra web (si los hay), tambi\u00e9n almacenamos la informaci\u00f3n personal que proporcionan en su perfil de usuario. Todos los usuarios pueden ver, editar o eliminar su informaci\u00f3n personal en cualquier momento (excepto que no pueden cambiar su nombre de usuario). Los administradores de la web tambi\u00e9n pueden ver y editar esa informaci\u00f3n.<\/p>\n<!-- \/wp:paragraph -->\n<!-- wp:heading -->\n<h2 class=\"wp-block-heading\">Qu\u00e9 derechos tienes sobre tus datos<\/h2>\n<!-- \/wp:heading -->\n<!-- wp:paragraph -->\n<p><strong class=\"privacy-policy-tutorial\">Texto sugerido: <\/strong>Si tienes una cuenta o has dejado comentarios en esta web, puedes solicitar recibir un archivo de exportaci\u00f3n de los datos personales que tenemos sobre ti, incluyendo cualquier dato que nos hayas proporcionado. Tambi\u00e9n puedes solicitar que eliminemos cualquier dato personal que tengamos sobre ti. Esto no incluye ning\u00fan dato que estemos obligados a conservar con fines administrativos, legales o de seguridad.<\/p>\n<!-- \/wp:paragraph -->\n<!-- wp:heading -->\n<h2 class=\"wp-block-heading\">D\u00f3nde se env\u00edan tus datos<\/h2>\n<!-- \/wp:heading -->\n<!-- wp:paragraph -->\n<p><strong class=\"privacy-policy-tutorial\">Texto sugerido: <\/strong>Los comentarios de los visitantes puede que los revise un servicio de detecci\u00f3n autom\u00e1tica de spam.<\/p>\n<!-- \/wp:paragraph -->\n","_et_gb_content_width":"","footnotes":""},"class_list":["post-511","page","type-page","status-publish","hentry"],"_links":{"self":[{"href":"https:\/\/eduparni.aspublicitari.com\/es\/wp-json\/wp\/v2\/pages\/511","targetHints":{"allow":["GET"]}}],"collection":[{"href":"https:\/\/eduparni.aspublicitari.com\/es\/wp-json\/wp\/v2\/pages"}],"about":[{"href":"https:\/\/eduparni.aspublicitari.com\/es\/wp-json\/wp\/v2\/types\/page"}],"author":[{"embeddable":true,"href":"https:\/\/eduparni.aspublicitari.com\/es\/wp-json\/wp\/v2\/users\/1"}],"replies":[{"embeddable":true,"href":"https:\/\/eduparni.aspublicitari.com\/es\/wp-json\/wp\/v2\/comments?post=511"}],"version-history":[{"count":4,"href":"https:\/\/eduparni.aspublicitari.com\/es\/wp-json\/wp\/v2\/pages\/511\/revisions"}],"predecessor-version":[{"id":1052,"href":"https:\/\/eduparni.aspublicitari.com\/es\/wp-json\/wp\/v2\/pages\/511\/revisions\/1052"}],"wp:attachment":[{"href":"https:\/\/eduparni.aspublicitari.com\/es\/wp-json\/wp\/v2\/media?parent=511"}],"curies":[{"name":"wp","href":"https:\/\/api.w.org\/{rel}","templated":true}]}}